{"id":5053,"date":"2021-03-17T11:27:41","date_gmt":"2021-03-17T10:27:41","guid":{"rendered":"https:\/\/www.lamy.restaurant\/?page_id=5053"},"modified":"2024-03-02T10:11:14","modified_gmt":"2024-03-02T09:11:14","slug":"activites-sportives","status":"publish","type":"page","link":"https:\/\/www.lamy.restaurant\/de\/activites-sportives\/","title":{"rendered":"Sportaktivit\u00e4ten"},"content":{"rendered":"<p>Was auch immer Sie m\u00f6chten, in Troisvierges wird es eine Aktivit\u00e4t geben, die Ihnen gef\u00e4llt!<br>Ob Wanderungen, Radtouren, kulturelle und historische Aktivit\u00e4ten oder Entspannung - Troisvierges ist das Ziel, das Sie zufriedenstellen wird.<\/p>\n\n\n\n<h2 class=\"has-large-font-size\">Die Wanderwege<\/h2>\n\n\n\n<p>F\u00fcr Wanderfreunde ist Troisvierges der ideale Ort. Mit seiner h\u00fcgeligen und bukolischen Landschaft gibt es unz\u00e4hlige M\u00f6glichkeiten. Hier sind einige m\u00f6gliche Touren. <\/p>\n\n\n\n<div style=\"height:25px\" aria-hidden=\"true\" class=\"wp-block-spacer\"><\/div>\n\n\n\n<figure class=\"wp-block-table is-style-regular\"><table><thead><tr><th>Distanz<\/th><th>Name der Route<\/th><th>Beschreibung<\/th><\/tr><\/thead><tbody><tr><td>19,3 km<\/td><td><a href=\"https:\/\/www.visittroisvierges.lu\/randonnee\/trails\/eislek-pad-troisvierges\/\">\u00c9islek Pad Troisvierges<\/a><\/td><td>D\u00e9couvrez une grande vari\u00e9t\u00e9 de paysages\u202f!<br>En partant de camping deTroisvierges, vous passez par le monast\u00e8re de Cinqfontaines. L\u00e0, un m\u00e9morial comm\u00e9more les d\u00e9portations pendant la Seconde Guerre mondiale. Votre route continue \u00e0 travers la vall\u00e9e de r\u00eave de Tr\u00ebtterbachtal jusqu&rsquo;au moulin d&rsquo;Asselborn. Vous traversez le village de Boxhorn et atteignez les restes d&rsquo;un avion qui s&rsquo;est \u00e9cras\u00e9 pendant la Seconde Guerre mondiale. En longeant la Woltz et avec une belle vue sur le monast\u00e8re de Cinqfontaines, vous revenez \u00e0 Troisvierges.<\/td><\/tr><tr><td>3,5 km<\/td><td><a href=\"https:\/\/www.visittroisvierges.lu\/wandern\/trails\/der-fledermaus-lehrpfad\/\">Sentier \u00abD\u00e9couverte des chauves-souris\u00bb TV1<\/a><\/td><td>D\u00e9couvrez l\u00b4ancienne voie ferr\u00e9e, idyllique menant au tunnel de Huldange\u202f!<\/td><\/tr><tr><td>6,2 km<\/td><td><a rel=\"noreferrer noopener\" href=\"https:\/\/www.visittroisvierges.lu\/wandern\/trails\/rundwanderroute-a\/\" target=\"_blank\">Circuit de randonn\u00e9e TV2<\/a><\/td><td>D\u00e9couvrez une grande vari\u00e9t\u00e9 de paysages et traversez le village idyllique de Biwisch!<\/td><\/tr><tr><td>8,1 km<\/td><td><a href=\"https:\/\/www.visittroisvierges.lu\/wandern\/trails\/rundwanderroute-e\/\">Circuit de randonn\u00e9e TV3<\/a><\/td><td>Ein Spaziergang in der Umgebung von Troisvierges und Binsfeld.<\/td><\/tr><tr><td>9,2 km<\/td><td><a rel=\"noreferrer noopener\" href=\"https:\/\/www.visittroisvierges.lu\/wandern\/trails\/rundwanderroute-k\/\" data-type=\"URL\" data-id=\"https:\/\/www.visittroisvierges.lu\/randonnee\/trails\/circuit-de-randonnee-k\/\" target=\"_blank\">Rundwanderroute K<\/a><\/td><td>Genie\u00dfen Sie es, in der Umgebung von Basbellain in die Natur einzutauchen!<\/td><\/tr><tr><td>11,3 km<br><br><br>12,8 km<\/td><td><a rel=\"noreferrer noopener\" href=\"https:\/\/www.visittroisvierges.lu\/wandern\/trails\/der-fluchthelferweg\/\" data-type=\"URL\" data-id=\"https:\/\/www.visittroisvierges.lu\/randonnee\/trails\/les-sentiers-des-passeurs\/\" target=\"_blank\">Der s\u00fcdliche Fluchthelferweg<\/a><br><br><a href=\"https:\/\/www.visittroisvierges.lu\/wandern\/trails\/der-fluchthelferweg\/\" data-type=\"URL\" data-id=\"https:\/\/www.visittroisvierges.lu\/randonnee\/trails\/les-sentiers-des-passeurs\/\" target=\"_blank\" rel=\"noreferrer noopener\">Der n\u00f6rdliche Fluchthelferweg<\/a><\/td><td>Au d\u00e9part de la gare de Troisvierges le \u00ab\u00a0Sentier des passeurs Nord\u00a0\u00bb et le \u00ab\u00a0Sentier des passeurs Sud\u00a0\u00bb sont balis\u00e9s. Au centre de ce projet se trouve la documentation des fuites vers la Belgique des r\u00e9sistants luxembourgeois et des r\u00e9fractaires \u00e0 l&rsquo;enr\u00f4lement de force par l\u2019occupant allemand pendant les derni\u00e8res ann\u00e9es de la deuxi\u00e8me guerre mondiale. Des tableaux explicatifs vous permettent de comprendre les itin\u00e9raires emprunt\u00e9s par les r\u00e9sistants et le contexte historique g\u00e9n\u00e9ral.<br>Diese Wanderwege f\u00fchren direkt am Hotel vorbei.<\/td><\/tr><tr><td>9,2 km<\/td><td><a href=\"https:\/\/www.visittroisvierges.lu\/randonnee\/trails\/le-sentier-nature--cornelysmillen\/\">Sentier nature \u00abCornelysmillen\u00bb<\/a><\/td><td>Le sentier nature \u00ab\u00a0Cornelysmillen\u00a0\u00bb r\u00e9v\u00e8le aux passionn\u00e9s de nature de nombreux secrets de la nature.<\/td><\/tr><tr><td>7 km<\/td><td><a href=\"https:\/\/www.visittroisvierges.lu\/randonnee\/trails\/promenade-st-francois\/\">Promenade St. Francois 7 km<\/a><\/td><td>Une courte balade dans les alentours de Troisvierges!<\/td><\/tr><tr><td>14,4 km<\/td><td><a href=\"https:\/\/www.visittroisvierges.lu\/randonnee\/trails\/promenade-st-francois-km\/\">Promenade St. Francois 14,4 km<\/a><\/td><td>Une belle promenade autour de Troisvierges!<\/td><\/tr><tr><td>10,5 km<\/td><td><a href=\"https:\/\/www.visittroisvierges.lu\/wandern\/trails\/rundwanderroute-autopedestre-1\/\">Circuit Auto-P\u00e9destre 1<\/a><\/td><td>Entdecken Sie die Natur und die malerischen D\u00f6rfer!<\/td><\/tr><tr><td>11,8 km<\/td><td><a href=\"https:\/\/www.visittroisvierges.lu\/wandern\/trails\/die-cfl-rundwanderroute\/\">Sentier de randonn\u00e9e de chemin de fer CFL<\/a><\/td><td>Faites une belle promenade de Troisvierges jusque Clervaux et revenez en train. (gratuit)<\/td><\/tr><tr><td><\/td><td><a href=\"https:\/\/www.visittroisvierges.lu\/randonnee\/trails\/le-sentier-europeen--escapardenne\/\">Europ\u00e4ischer Wanderweg Escapardenne<\/a><\/td><td>Le sentier de grande randonn\u00e9e Escapardenne est compos\u00e9 de deux \u00ab&nbsp;Leading Quality Trails \u2013 Best of Europe&nbsp;\u00bb et traverse sur 158 km les Ardennes belgo-luxembourgeoises.<\/td><\/tr><tr><td>65 km<\/td><td><a href=\"https:\/\/www.visittroisvierges.lu\/randonnee\/trails\/le-sentier-du-nord\/\">Sentier du Nord<\/a><\/td><td>Parcourez le nord du pays et d\u00e9couvrez de nombreux sites historiques\u202f!<\/td><\/tr><tr><td>42 km<\/td><td><a href=\"https:\/\/www.visittroisvierges.lu\/randonnee\/trails\/le-sentier-panoramique-troisvierges-wiltz\/\">Sentier Panorama<\/a><\/td><td>D\u00e9couvrez les plateaux de l\u2019Oesling et admirez les incroyables paysages\u202f!<\/td><\/tr><tr><td><\/td><td><a href=\"https:\/\/www.visittroisvierges.lu\/randonnee\/trails\/randonnee-gr\/\">Wanderung GR 57<\/a><\/td><td>Parcourez l\u2019un des fameux sentiers de grande randonn\u00e9e\u202f!<\/td><\/tr><tr><td>19,4 km<\/td><td><a href=\"https:\/\/www.visittroisvierges.lu\/wandern\/trails\/wanderung-ueber-grenzen-und-durch-die-geschichte\/\">Wanderung \u201e\u00dcber Grenzen und durch die Geschichte\u201c<\/a><\/td><td>D\u00e9couvrez l\u2019Ardenne en parcourant des chemins charg\u00e9s d\u2019histoire\u202f!<\/td><\/tr><\/tbody><\/table><\/figure>\n\n\n\n<div style=\"height:21px\" aria-hidden=\"true\" class=\"wp-block-spacer\"><\/div>\n\n\n\n<p>Eine interaktive Karte mit allen Wanderwegen in der Umgebung von Troivierges finden Sie <a rel=\"noreferrer noopener\" href=\"https:\/\/map.geoportail.lu\/theme\/tourisme?version=3&amp;zoom=12&amp;X=669752&amp;Y=6467789&amp;lang=fr&amp;rotation=0&amp;layers=205-189-158-227-667-176&amp;opacities=1-1-1-1-1-1&amp;bgLayer=basemap_2015_global\" target=\"_blank\">hier<\/a>.<br>Die unten dargestellten Bilder geben Ihnen erste Eindr\u00fccke dar\u00fcber, was Ihnen landschaftlich begegnen wird. Klicken Sie auf das jeweilige Bild, um weiterf\u00fchrende Infos und Details der entsprechenden Route zu erhalten.<\/p>\n\n\n<script type=\"text\/javascript\">jQuery(function() { _initLayerSlider( '#layerslider_11_yzbcjeu5rpbd', {createdWith: '6.11.6', sliderVersion: '6.11.6', type: 'fullwidth', allowFullscreen: true, pauseOnHover: 'enabled', skin: 'v6', sliderFadeInDuration: 350, useSrcset: true, skinsPath: 'https:\/\/www.lamy.restaurant\/wp-content\/plugins\/LayerSlider\/assets\/static\/layerslider\/skins\/', performanceMode: true}); });<\/script><div id=\"layerslider_11_yzbcjeu5rpbd\" class=\"ls-wp-container fitvidsignore\" style=\"width:1280px;height:720px;margin:0 auto;margin-bottom: 0px;\"><div class=\"ls-slide\" data-ls=\"duration:1000;kenburnsscale:1.2;\"><img width=\"1170\" height=\"700\" src=\"https:\/\/www.lamy.restaurant\/wp-content\/uploads\/2021\/03\/28087-crop-1170x700x70.jpg\" class=\"ls-bg\" alt=\"\" srcset=\"https:\/\/www.lamy.restaurant\/wp-content\/uploads\/2021\/03\/28087-crop-1170x700x70.jpg 1170w, https:\/\/www.lamy.restaurant\/wp-content\/uploads\/2021\/03\/28087-crop-1170x700x70-300x179.jpg 300w, https:\/\/www.lamy.restaurant\/wp-content\/uploads\/2021\/03\/28087-crop-1170x700x70-1024x613.jpg 1024w, https:\/\/www.lamy.restaurant\/wp-content\/uploads\/2021\/03\/28087-crop-1170x700x70-768x459.jpg 768w\" sizes=\"(max-width: 1170px) 100vw, 1170px\" \/><p style=\"top:10px;left:10px;background-size:inherit;background-position:inherit;font-size:18px;color:#f2eaea;\" class=\"ls-l ls-text-layer\" data-ls=\"durationin:10;position:relative;\">Nat&rsquo;our Route 4 (17km)<\/p><a href=\"https:\/\/www.visit-eislek.lu\/de\/fiche\/walking\/wanderroute-natour-route-4\" target=\"_blank\" class=\"ls-link ls-link-on-top\"><\/a><\/div><div class=\"ls-slide\" data-ls=\"duration:1000;kenburnsscale:1.2;\"><img width=\"1170\" height=\"778\" src=\"https:\/\/www.lamy.restaurant\/wp-content\/uploads\/2021\/03\/28089-resize-1170x999x70.jpg\" class=\"ls-bg\" alt=\"\" srcset=\"https:\/\/www.lamy.restaurant\/wp-content\/uploads\/2021\/03\/28089-resize-1170x999x70.jpg 1170w, https:\/\/www.lamy.restaurant\/wp-content\/uploads\/2021\/03\/28089-resize-1170x999x70-300x199.jpg 300w, https:\/\/www.lamy.restaurant\/wp-content\/uploads\/2021\/03\/28089-resize-1170x999x70-1024x681.jpg 1024w, https:\/\/www.lamy.restaurant\/wp-content\/uploads\/2021\/03\/28089-resize-1170x999x70-768x511.jpg 768w\" sizes=\"(max-width: 1170px) 100vw, 1170px\" \/><p style=\"top:10px;left:10px;background-size:inherit;background-position:inherit;font-size:18px;color:#f2eaea;\" class=\"ls-l ls-text-layer\" data-ls=\"durationin:10;position:relative;\">Nat&rsquo;our Route 4 (17km)<\/p><a href=\"https:\/\/www.visit-eislek.lu\/de\/fiche\/walking\/wanderroute-natour-route-4\" target=\"_blank\" class=\"ls-link ls-link-on-top\"><\/a><\/div><div class=\"ls-slide\" data-ls=\"duration:1000;kenburnsscale:1.2;\"><img width=\"1170\" height=\"780\" src=\"https:\/\/www.lamy.restaurant\/wp-content\/uploads\/2021\/03\/28090-resize-1170x999x70.jpg\" class=\"ls-bg\" alt=\"\" srcset=\"https:\/\/www.lamy.restaurant\/wp-content\/uploads\/2021\/03\/28090-resize-1170x999x70.jpg 1170w, https:\/\/www.lamy.restaurant\/wp-content\/uploads\/2021\/03\/28090-resize-1170x999x70-300x200.jpg 300w, https:\/\/www.lamy.restaurant\/wp-content\/uploads\/2021\/03\/28090-resize-1170x999x70-1024x683.jpg 1024w, https:\/\/www.lamy.restaurant\/wp-content\/uploads\/2021\/03\/28090-resize-1170x999x70-768x512.jpg 768w\" sizes=\"(max-width: 1170px) 100vw, 1170px\" \/><p style=\"top:10px;left:10px;background-size:inherit;background-position:inherit;font-size:18px;color:#f2eaea;\" class=\"ls-l ls-text-layer\" data-ls=\"durationin:10;position:relative;\">Nat&rsquo;our Route 4 (17km)<\/p><a href=\"https:\/\/www.visit-eislek.lu\/de\/fiche\/walking\/wanderroute-natour-route-4\" target=\"_blank\" class=\"ls-link ls-link-on-top\"><\/a><\/div><div class=\"ls-slide\" data-ls=\"duration:1000;kenburnsscale:1.2;\"><img width=\"1170\" height=\"877\" src=\"https:\/\/www.lamy.restaurant\/wp-content\/uploads\/2021\/03\/28091-resize-1170x999x70.jpg\" class=\"ls-bg\" alt=\"\" srcset=\"https:\/\/www.lamy.restaurant\/wp-content\/uploads\/2021\/03\/28091-resize-1170x999x70.jpg 1170w, https:\/\/www.lamy.restaurant\/wp-content\/uploads\/2021\/03\/28091-resize-1170x999x70-300x225.jpg 300w, https:\/\/www.lamy.restaurant\/wp-content\/uploads\/2021\/03\/28091-resize-1170x999x70-1024x768.jpg 1024w, https:\/\/www.lamy.restaurant\/wp-content\/uploads\/2021\/03\/28091-resize-1170x999x70-768x576.jpg 768w\" sizes=\"(max-width: 1170px) 100vw, 1170px\" \/><p style=\"top:10px;left:10px;background-size:inherit;background-position:inherit;font-size:18px;color:#f2eaea;\" class=\"ls-l ls-text-layer\" data-ls=\"durationin:10;position:relative;\">Nat&rsquo;our Route 4 (17km)<\/p><a href=\"https:\/\/www.visit-eislek.lu\/de\/fiche\/walking\/wanderroute-natour-route-4\" target=\"_blank\" class=\"ls-link ls-link-on-top\"><\/a><\/div><div class=\"ls-slide\" data-ls=\"bgsize:auto;duration:1000;kenburnsscale:1.2;\"><img width=\"659\" height=\"999\" src=\"https:\/\/www.lamy.restaurant\/wp-content\/uploads\/2021\/03\/circuit-autopedestre-1.jpg\" class=\"ls-bg\" alt=\"Photo randonn\u00e9e auto p\u00e9destre A\" srcset=\"https:\/\/www.lamy.restaurant\/wp-content\/uploads\/2021\/03\/circuit-autopedestre-1.jpg 659w, https:\/\/www.lamy.restaurant\/wp-content\/uploads\/2021\/03\/circuit-autopedestre-1-198x300.jpg 198w\" sizes=\"(max-width: 659px) 100vw, 659px\" \/><p style=\"top:10px;left:10px;background-size:inherit;background-position:inherit;font-size:18px;\" class=\"ls-l ls-text-layer\" data-ls=\"durationin:10;position:relative;\">Randonn&eacute;e auto-p&eacute;destre A (5,5km)<\/p><a href=\"https:\/\/www.visit-eislek.lu\/de\/fiche\/walking\/auto-pedestre-wanderweg-bahnhof-troisvierges-a\" target=\"_blank\" class=\"ls-link ls-link-on-top\"><\/a><\/div><div class=\"ls-slide\" data-ls=\"kenburnsscale:1.2;\"><img width=\"1000\" height=\"562\" src=\"https:\/\/www.lamy.restaurant\/wp-content\/uploads\/2021\/03\/CR-A.jpg\" class=\"ls-bg\" alt=\"\" srcset=\"https:\/\/www.lamy.restaurant\/wp-content\/uploads\/2021\/03\/CR-A.jpg 1000w, https:\/\/www.lamy.restaurant\/wp-content\/uploads\/2021\/03\/CR-A-300x169.jpg 300w, https:\/\/www.lamy.restaurant\/wp-content\/uploads\/2021\/03\/CR-A-768x432.jpg 768w\" sizes=\"(max-width: 1000px) 100vw, 1000px\" \/><p style=\"top:10px;left:10px;background-size:inherit;background-position:inherit;font-size:18px;color:#141010;\" class=\"ls-l ls-text-layer\" data-ls=\"durationin:10;position:relative;\">Circuit de randonn&eacute;e A (5,5 km)<\/p><a href=\"https:\/\/www.visittroisvierges.lu\/wandern\/trails\/rundwanderroute-a\/\" target=\"_blank\" class=\"ls-link ls-link-on-top\"><\/a><\/div><div class=\"ls-slide\" data-ls=\"duration:1000;kenburnsscale:1.2;\"><img width=\"1920\" height=\"1080\" src=\"https:\/\/www.lamy.restaurant\/wp-content\/uploads\/2021\/03\/CR-B.jpg\" class=\"ls-bg\" alt=\"\" srcset=\"https:\/\/www.lamy.restaurant\/wp-content\/uploads\/2021\/03\/CR-B.jpg 1920w, https:\/\/www.lamy.restaurant\/wp-content\/uploads\/2021\/03\/CR-B-300x169.jpg 300w, https:\/\/www.lamy.restaurant\/wp-content\/uploads\/2021\/03\/CR-B-1024x576.jpg 1024w, https:\/\/www.lamy.restaurant\/wp-content\/uploads\/2021\/03\/CR-B-768x432.jpg 768w, https:\/\/www.lamy.restaurant\/wp-content\/uploads\/2021\/03\/CR-B-1536x864.jpg 1536w\" sizes=\"(max-width: 1920px) 100vw, 1920px\" \/><h1 style=\"top:10px;left:10px;background-size:inherit;background-position:inherit;font-size:22px;color:#141010;\" class=\"ls-l ls-text-layer\" data-ls=\"durationin:10;position:relative;\">Circuit de randonn&eacute;e B (18km)<\/h1><a href=\"https:\/\/www.visittroisvierges.lu\/randonnee\/trails\/22781\/\" target=\"_blank\" class=\"ls-link ls-link-on-top\"><\/a><\/div><div class=\"ls-slide\" data-ls=\"duration:1000;kenburnsscale:1.2;\"><img width=\"1920\" height=\"1080\" src=\"https:\/\/www.lamy.restaurant\/wp-content\/uploads\/2021\/03\/CR-C.jpg\" class=\"ls-bg\" alt=\"\" srcset=\"https:\/\/www.lamy.restaurant\/wp-content\/uploads\/2021\/03\/CR-C.jpg 1920w, https:\/\/www.lamy.restaurant\/wp-content\/uploads\/2021\/03\/CR-C-300x169.jpg 300w, https:\/\/www.lamy.restaurant\/wp-content\/uploads\/2021\/03\/CR-C-1024x576.jpg 1024w, https:\/\/www.lamy.restaurant\/wp-content\/uploads\/2021\/03\/CR-C-768x432.jpg 768w, https:\/\/www.lamy.restaurant\/wp-content\/uploads\/2021\/03\/CR-C-1536x864.jpg 1536w\" sizes=\"(max-width: 1920px) 100vw, 1920px\" \/><p style=\"top:10px;left:10px;background-size:inherit;background-position:inherit;font-size:18px;color:#141010;\" class=\"ls-l ls-text-layer\" data-ls=\"durationin:10;position:relative;\">Circuit de randonn&eacute;e C (9km)<\/p><a href=\"https:\/\/www.visittroisvierges.lu\/randonnee\/trails\/circuit-de-randonnee-c\/\" target=\"_blank\" class=\"ls-link ls-link-on-top\"><\/a><\/div><div class=\"ls-slide\" data-ls=\"duration:1000;kenburnsscale:1.2;\"><img width=\"1000\" height=\"562\" src=\"https:\/\/www.lamy.restaurant\/wp-content\/uploads\/2021\/03\/CR-D.jpg\" class=\"ls-bg\" alt=\"\" srcset=\"https:\/\/www.lamy.restaurant\/wp-content\/uploads\/2021\/03\/CR-D.jpg 1000w, https:\/\/www.lamy.restaurant\/wp-content\/uploads\/2021\/03\/CR-D-300x169.jpg 300w, https:\/\/www.lamy.restaurant\/wp-content\/uploads\/2021\/03\/CR-D-768x432.jpg 768w\" sizes=\"(max-width: 1000px) 100vw, 1000px\" \/><p style=\"top:10px;left:10px;background-size:inherit;background-position:inherit;font-size:18px;line-height:falsepx;\" class=\"ls-l ls-text-layer\" data-ls=\"position:relative;\">Circuit de randonn&eacute;e D (11,5 km)\nD&eacute;couverte du monast&egrave;re de Cinqfontaines<\/p><a href=\"https:\/\/www.visittroisvierges.lu\/randonnee\/trails\/circuit-de-randonnee-d\/\" target=\"_blank\" class=\"ls-link ls-link-on-top\"><\/a><\/div><div class=\"ls-slide\" data-ls=\"duration:1000;kenburnsscale:1.2;\"><img width=\"1920\" height=\"1080\" src=\"https:\/\/www.lamy.restaurant\/wp-content\/uploads\/2021\/03\/CR-E.jpg\" class=\"ls-bg\" alt=\"\" srcset=\"https:\/\/www.lamy.restaurant\/wp-content\/uploads\/2021\/03\/CR-E.jpg 1920w, https:\/\/www.lamy.restaurant\/wp-content\/uploads\/2021\/03\/CR-E-300x169.jpg 300w, https:\/\/www.lamy.restaurant\/wp-content\/uploads\/2021\/03\/CR-E-1024x576.jpg 1024w, https:\/\/www.lamy.restaurant\/wp-content\/uploads\/2021\/03\/CR-E-768x432.jpg 768w, https:\/\/www.lamy.restaurant\/wp-content\/uploads\/2021\/03\/CR-E-1536x864.jpg 1536w\" sizes=\"(max-width: 1920px) 100vw, 1920px\" \/><p style=\"top:10px;left:10px;background-size:inherit;background-position:inherit;font-size:18px;\" class=\"ls-l ls-text-layer\" data-ls=\"durationin:10;position:relative;\">Circuit de randonn&eacute;e E (10km)<\/p><a href=\"https:\/\/www.visittroisvierges.lu\/randonnee\/trails\/circuit-de-randonnee-e\/#22784-1\" target=\"_blank\" class=\"ls-link ls-link-on-top\"><\/a><\/div><div class=\"ls-slide\" data-ls=\"duration:1000;kenburnsscale:1.2;\"><img width=\"1000\" height=\"562\" src=\"https:\/\/www.lamy.restaurant\/wp-content\/uploads\/2021\/03\/C-autopedestre-2.jpg\" class=\"ls-bg\" alt=\"\" srcset=\"https:\/\/www.lamy.restaurant\/wp-content\/uploads\/2021\/03\/C-autopedestre-2.jpg 1000w, https:\/\/www.lamy.restaurant\/wp-content\/uploads\/2021\/03\/C-autopedestre-2-300x169.jpg 300w, https:\/\/www.lamy.restaurant\/wp-content\/uploads\/2021\/03\/C-autopedestre-2-768x432.jpg 768w\" sizes=\"(max-width: 1000px) 100vw, 1000px\" \/><p style=\"top:10px;left:10px;background-size:inherit;background-position:inherit;font-size:18px;\" class=\"ls-l ls-text-layer\" data-ls=\"durationin:10;position:relative;\">Circuit auto-p&eacute;destre 2 (9,1km)<\/p><a href=\"https:\/\/www.visittroisvierges.lu\/randonnee\/trails\/circuit-auto-pedestre\/\" target=\"_blank\" class=\"ls-link ls-link-on-top\"><\/a><\/div><div class=\"ls-slide\" data-ls=\"duration:1000;kenburnsscale:1.2;\"><img width=\"1200\" height=\"801\" src=\"https:\/\/www.lamy.restaurant\/wp-content\/uploads\/2021\/03\/Escapardenne.jpg\" class=\"ls-bg\" alt=\"\" srcset=\"https:\/\/www.lamy.restaurant\/wp-content\/uploads\/2021\/03\/Escapardenne.jpg 1200w, https:\/\/www.lamy.restaurant\/wp-content\/uploads\/2021\/03\/Escapardenne-300x200.jpg 300w, https:\/\/www.lamy.restaurant\/wp-content\/uploads\/2021\/03\/Escapardenne-1024x684.jpg 1024w, https:\/\/www.lamy.restaurant\/wp-content\/uploads\/2021\/03\/Escapardenne-768x513.jpg 768w\" sizes=\"(max-width: 1200px) 100vw, 1200px\" \/><p style=\"top:10px;left:10px;background-size:inherit;background-position:inherit;font-size:18px;color:#f2eaea;\" class=\"ls-l ls-text-layer\" data-ls=\"durationin:10;position:relative;\">Randonn&eacute;e Escapardenne et ses multiples possibilit&eacute;s de parcours<\/p><a href=\"http:\/\/blog.escapardenne.eu\/?page_id=71&#038;mb_page=circuit&#038;mb_texte_recherche=Troisvierge&#038;mb_id=10419&#038;mb_titre=escapardenne-eislek-trail-etape-2-clervaux-moulin-d-asselborn&#038;mbScrollTo=module\" target=\"_blank\" class=\"ls-link ls-link-on-top\"><\/a><\/div><\/div>\n\n\n<p><\/p>\n\n\n\n<h2>Radtouren<\/h2>\n\n\n\n<div class=\"wp-container-3 wp-block-columns\">\n<div class=\"wp-container-1 wp-block-column\">\n<ul><li><a href=\"https:\/\/www.visittroisvierges.lu\/fahrrad\/trails\/vennbahn\/\" data-type=\"URL\" data-id=\"https:\/\/www.visittroisvierges.lu\/velo\/trails\/vennbahn\/\"><strong>Vennbahn <\/strong><\/a>Diese ehemalige Eisenbahntra\u00dfe, die durch drei L\u00e4nder und atemberaubende Landschaften f\u00fchrt, wird von vielen als einer der Sch\u00f6nsten in Europa beschrieben.<\/li><\/ul>\n\n\n\n<ul><li><strong><a rel=\"noreferrer noopener\" href=\"https:\/\/www.visittroisvierges.lu\/fahrrad\/trails\/reseau-ravel-be\/\" data-type=\"URL\" data-id=\"https:\/\/www.visittroisvierges.lu\/velo\/trails\/reseau-ravel-be\/\" target=\"_blank\">R\u00e9seau Ravel BE <\/a><\/strong> Auf Entdeckungsreise entlang der belgisch-luxemburgischen Grenze! Ab der Gemeinde Troisvierges sto\u00dfen Sie auf das belgische RAVeL-Netz. Dabei handelt es sich um ein Netz von gr\u00fcnen Wegen, die auf ehemaligen Eisenbahnstrecken angelegt wurden. In unmittelbarer N\u00e4he der belgisch-luxemburgischen Grenze treffen Sie ab Huldange oder Troisvierges auf die Linie 163, die Bastogne mit Gouvy auf markierten Wegen verbindet. Da diese Strecke durch bewaldete und gr\u00fcne Gebiete f\u00fchrt, ist sie besonders ruhig.<\/li><\/ul>\n<\/div>\n\n\n\n<div class=\"wp-container-2 wp-block-column\">\n<ul><li><strong><a href=\"https:\/\/www.visittroisvierges.lu\/fahrrad\/trails\/circuit-geenzentour\/\" data-type=\"URL\" data-id=\"https:\/\/www.visittroisvierges.lu\/velo\/trails\/circuit-geenzentour\/\" target=\"_blank\" rel=\"noreferrer noopener\">Fahrradtour \u201eG\u00ebnzentour\u201c<\/a><\/strong> Durchqueren Sie zahlreiche typische Ardenner D\u00f6rfer und entdecken Sie die Hochebenen des \u00d6slings.<\/li><\/ul>\n\n\n\n<ul><li><a rel=\"noreferrer noopener\" href=\"https:\/\/www.visittroisvierges.lu\/fahrrad\/trails\/circuit-panorama\/\" data-type=\"URL\" data-id=\"https:\/\/www.visittroisvierges.lu\/velo\/trails\/circuit-panorama\/\" target=\"_blank\"><strong>Rundtour <\/strong> <strong>\u00ab Panorama \u00bb<\/strong><\/a> Gehen Sie auf Entdeckungsreise durch die wundersch\u00f6ne Landschaft rund um Troisvierges!<\/li><\/ul>\n\n\n\n<ul><li><strong><a href=\"https:\/\/www.visittroisvierges.lu\/fahrrad\/trails\/die-mountainbikeroute\/\" data-type=\"URL\" data-id=\"https:\/\/www.visittroisvierges.lu\/velo\/trails\/le-circuit-pour-vtt\/\" target=\"_blank\" rel=\"noreferrer noopener\">Die Mountainbikeroute<\/a><\/strong> Eine Route durch Felder und W\u00e4lder, die f\u00fcr Anf\u00e4nger geeignet ist.<\/li><\/ul>\n\n\n\n<ul><li><strong><a href=\"https:\/\/www.visittroisvierges.lu\/velo\/trails\/le-circuit--jardins-a-suivre\/\" data-type=\"URL\" data-id=\"https:\/\/www.visittroisvierges.lu\/velo\/trails\/le-circuit--jardins-a-suivre\/\" target=\"_blank\" rel=\"noreferrer noopener\">Rundtour \u00ab Jardins \u00e0 suivre \u00bb<\/a><\/strong> Tauchen Sie ein in das Herz des Naturparks Our und lassen Sie sich von der Sch\u00f6nheit der K\u00fcnstlerg\u00e4rten beeindrucken!<\/li><\/ul>\n<\/div>\n<\/div>\n\n\n<script type=\"text\/javascript\">jQuery(function() { _initLayerSlider( '#layerslider_12_1j34jlivc1ass', {createdWith: '6.11.6', sliderVersion: '6.11.6', type: 'fullwidth', allowFullscreen: true, pauseOnHover: 'enabled', skin: 'v6', sliderFadeInDuration: 350, useSrcset: true, skinsPath: 'https:\/\/www.lamy.restaurant\/wp-content\/plugins\/LayerSlider\/assets\/static\/layerslider\/skins\/', performanceMode: true}); });<\/script><div id=\"layerslider_12_1j34jlivc1ass\" class=\"ls-wp-container fitvidsignore\" style=\"width:1280px;height:720px;margin:0 auto;margin-bottom: 0px;\"><div class=\"ls-slide\" data-ls=\"duration:1000;kenburnsscale:1.2;\"><img width=\"1000\" height=\"668\" src=\"https:\/\/www.lamy.restaurant\/wp-content\/uploads\/2021\/03\/vennbahn.jpg\" class=\"ls-bg\" alt=\"\" srcset=\"https:\/\/www.lamy.restaurant\/wp-content\/uploads\/2021\/03\/vennbahn.jpg 1000w, https:\/\/www.lamy.restaurant\/wp-content\/uploads\/2021\/03\/vennbahn-300x200.jpg 300w, https:\/\/www.lamy.restaurant\/wp-content\/uploads\/2021\/03\/vennbahn-768x513.jpg 768w\" sizes=\"(max-width: 1000px) 100vw, 1000px\" \/><p style=\"top:10px;left:10px;background-size:inherit;background-position:inherit;font-size:22px;color:#f2eaea;\" class=\"ls-l ls-text-layer\" data-ls=\"durationin:10;position:relative;\">Vennbahn (125km)<\/p><\/div><div class=\"ls-slide\" data-ls=\"duration:1000;kenburnsscale:1.2;\"><img width=\"2000\" height=\"1333\" src=\"https:\/\/www.lamy.restaurant\/wp-content\/uploads\/2021\/03\/reseau_ravel_be.jpg\" class=\"ls-bg\" alt=\"\" srcset=\"https:\/\/www.lamy.restaurant\/wp-content\/uploads\/2021\/03\/reseau_ravel_be.jpg 2000w, https:\/\/www.lamy.restaurant\/wp-content\/uploads\/2021\/03\/reseau_ravel_be-300x200.jpg 300w, https:\/\/www.lamy.restaurant\/wp-content\/uploads\/2021\/03\/reseau_ravel_be-1024x682.jpg 1024w, https:\/\/www.lamy.restaurant\/wp-content\/uploads\/2021\/03\/reseau_ravel_be-768x512.jpg 768w, https:\/\/www.lamy.restaurant\/wp-content\/uploads\/2021\/03\/reseau_ravel_be-1536x1024.jpg 1536w\" sizes=\"(max-width: 2000px) 100vw, 2000px\" \/><p style=\"top:10px;left:10px;background-size:inherit;background-position:inherit;font-size:18px;color:#f2eaea;\" class=\"ls-l ls-text-layer\" data-ls=\"durationin:10;position:relative;\">R&eacute;seau Ravel BE<\/p><a href=\"https:\/\/www.visittroisvierges.lu\/fahrrad\/trails\/reseau-ravel-be\/\" target=\"_blank\" class=\"ls-link ls-link-on-top\"><\/a><\/div><div class=\"ls-slide\" data-ls=\"duration:1000;kenburnsscale:1.2;\"><img width=\"1920\" height=\"1080\" src=\"https:\/\/www.lamy.restaurant\/wp-content\/uploads\/2021\/03\/parcours-velo-jardin2.jpg\" class=\"ls-bg\" alt=\"\" srcset=\"https:\/\/www.lamy.restaurant\/wp-content\/uploads\/2021\/03\/parcours-velo-jardin2.jpg 1920w, https:\/\/www.lamy.restaurant\/wp-content\/uploads\/2021\/03\/parcours-velo-jardin2-300x169.jpg 300w, https:\/\/www.lamy.restaurant\/wp-content\/uploads\/2021\/03\/parcours-velo-jardin2-1024x576.jpg 1024w, https:\/\/www.lamy.restaurant\/wp-content\/uploads\/2021\/03\/parcours-velo-jardin2-768x432.jpg 768w, https:\/\/www.lamy.restaurant\/wp-content\/uploads\/2021\/03\/parcours-velo-jardin2-1536x864.jpg 1536w\" sizes=\"(max-width: 1920px) 100vw, 1920px\" \/><p style=\"top:10px;left:10px;background-size:inherit;background-position:inherit;font-size:22px;color:#f2eaea;\" class=\"ls-l ls-text-layer\" data-ls=\"durationin:10;position:relative;\">Parcours cyclable \u00a0\u00bb Jardins &agrave; suivre\u00a0\u00bb (30km)<\/p><a href=\"https:\/\/www.visittroisvierges.lu\/velo\/trails\/le-circuit--jardins-a-suivre\/\" target=\"_blank\" class=\"ls-link ls-link-on-top\"><\/a><\/div><div class=\"ls-slide\" data-ls=\"duration:1000;kenburnsscale:1.2;\"><img width=\"1920\" height=\"1281\" src=\"https:\/\/www.lamy.restaurant\/wp-content\/uploads\/2021\/03\/circuit_genzetour1.jpg\" class=\"ls-bg\" alt=\"\" srcset=\"https:\/\/www.lamy.restaurant\/wp-content\/uploads\/2021\/03\/circuit_genzetour1.jpg 1920w, https:\/\/www.lamy.restaurant\/wp-content\/uploads\/2021\/03\/circuit_genzetour1-300x200.jpg 300w, https:\/\/www.lamy.restaurant\/wp-content\/uploads\/2021\/03\/circuit_genzetour1-1024x683.jpg 1024w, https:\/\/www.lamy.restaurant\/wp-content\/uploads\/2021\/03\/circuit_genzetour1-768x512.jpg 768w, https:\/\/www.lamy.restaurant\/wp-content\/uploads\/2021\/03\/circuit_genzetour1-1536x1025.jpg 1536w\" sizes=\"(max-width: 1920px) 100vw, 1920px\" \/><p style=\"top:10px;left:10px;background-size:inherit;background-position:inherit;font-size:18px;color:#f2eaea;\" class=\"ls-l ls-text-layer\" data-ls=\"durationin:10;position:relative;\">Circuit Geenzentour (61,5km)<\/p><a href=\"https:\/\/www.visittroisvierges.lu\/fahrrad\/trails\/circuit-geenzentour\/\" target=\"_blank\" class=\"ls-link ls-link-on-top\"><\/a><\/div><div class=\"ls-slide\" data-ls=\"duration:1000;kenburnsscale:1.2;\"><img width=\"1000\" height=\"667\" src=\"https:\/\/www.lamy.restaurant\/wp-content\/uploads\/2021\/03\/vtt-en-ardennes_25959416980_o.jpg\" class=\"ls-bg\" alt=\"\" srcset=\"https:\/\/www.lamy.restaurant\/wp-content\/uploads\/2021\/03\/vtt-en-ardennes_25959416980_o.jpg 1000w, https:\/\/www.lamy.restaurant\/wp-content\/uploads\/2021\/03\/vtt-en-ardennes_25959416980_o-300x200.jpg 300w, https:\/\/www.lamy.restaurant\/wp-content\/uploads\/2021\/03\/vtt-en-ardennes_25959416980_o-768x512.jpg 768w\" sizes=\"(max-width: 1000px) 100vw, 1000px\" \/><p style=\"top:10px;left:10px;background-size:inherit;background-position:inherit;font-size:18px;color:#f2eaea;\" class=\"ls-l ls-text-layer\" data-ls=\"durationin:10;position:relative;\">Circuit VTT (23,5km)<\/p><a href=\"https:\/\/www.visittroisvierges.lu\/fahrrad\/trails\/die-mountainbikeroute\/\" target=\"_blank\" class=\"ls-link ls-link-on-top\"><\/a><\/div><\/div>\n\n\n<div style=\"height:36px\" aria-hidden=\"true\" class=\"wp-block-spacer\"><\/div>\n\n\n\n<h2>Andere sportliche Aktivit\u00e4ten: <\/h2>\n\n\n\n<p>Die Gemeinde Troisvierges stellt der \u00d6ffentlichkeit<a href=\"https:\/\/www.visittroisvierges.lu\/aktivitaeten\/activity-parc\/\" data-type=\"URL\" data-id=\"https:\/\/www.visittroisvierges.lu\/activites\/parc-activites\/\" target=\"_blank\" rel=\"noreferrer noopener\"> zahlreiche Sport- und Freizeitpl\u00e4tze <\/a>zur Verf\u00fcgung.<\/p>\n\n\n\n<ul type=\"1\"><li>Beachvolleyballfelder<\/li><li>Fu\u00dfballfeld<\/li><li>Basketballfeld<\/li><li>Petanque-Bahn<\/li><li>Tennisfelder<\/li><li>Squashfelder<\/li><li>Mehrzweck-Sportplatz<\/li><\/ul>\n\n\n\n<p> <\/p>","protected":false},"excerpt":{"rendered":"<p>Quelle que soient vos envies, il y aura une activit\u00e9 qui vous comblera \u00e0 Troisvierges!Que ce soit des randonn\u00e9es, des balades cyclistes, des activit\u00e9s culturelles et historiques ou des moments de d\u00e9tente, Troisvierges est la destination qui vous satisfera. Les balades p\u00e9destres Pour les amoureux de la randonn\u00e9e, Troisvierges est l&rsquo;endroit id\u00e9al. Avec son paysage [&hellip;]<\/p>","protected":false},"author":2,"featured_media":0,"parent":0,"menu_order":0,"comment_status":"closed","ping_status":"closed","template":"","meta":{"_seopress_robots_primary_cat":"","_seopress_titles_title":"Activit\u00e9s sportives \u00e0 Troisvierges, Luxembourg - Vivez l&#039;aventure","_seopress_titles_desc":"D\u00e9couvrez les activit\u00e9s sportives \u00e0 Troisvierges. Aventure et plein air au c\u0153ur du Luxembourg. Planifiez votre s\u00e9jour d\u00e8s maintenant!","_seopress_robots_index":""},"_links":{"self":[{"href":"https:\/\/www.lamy.restaurant\/de\/wp-json\/wp\/v2\/pages\/5053"}],"collection":[{"href":"https:\/\/www.lamy.restaurant\/de\/wp-json\/wp\/v2\/pages"}],"about":[{"href":"https:\/\/www.lamy.restaurant\/de\/wp-json\/wp\/v2\/types\/page"}],"author":[{"embeddable":true,"href":"https:\/\/www.lamy.restaurant\/de\/wp-json\/wp\/v2\/users\/2"}],"replies":[{"embeddable":true,"href":"https:\/\/www.lamy.restaurant\/de\/wp-json\/wp\/v2\/comments?post=5053"}],"version-history":[{"count":88,"href":"https:\/\/www.lamy.restaurant\/de\/wp-json\/wp\/v2\/pages\/5053\/revisions"}],"predecessor-version":[{"id":6592,"href":"https:\/\/www.lamy.restaurant\/de\/wp-json\/wp\/v2\/pages\/5053\/revisions\/6592"}],"wp:attachment":[{"href":"https:\/\/www.lamy.restaurant\/de\/wp-json\/wp\/v2\/media?parent=5053"}],"curies":[{"name":"wp","href":"https:\/\/api.w.org\/{rel}","templated":true}]}}